{"id":269,"date":"2024-10-30T13:09:52","date_gmt":"2024-10-30T13:09:52","guid":{"rendered":"http:\/\/www.victoriafones.loc\/home\/"},"modified":"2025-11-17T18:46:44","modified_gmt":"2025-11-17T18:46:44","slug":"home","status":"publish","type":"page","link":"https:\/\/www.victoriafones.com\/br\/","title":{"rendered":"Home"},"content":{"rendered":"\t\t<div data-elementor-type=\"wp-page\" data-elementor-id=\"269\" class=\"elementor elementor-269 elementor-9\">\n\t\t\t\t<div class=\"elementor-element elementor-element-111ea67 e-flex e-con-boxed e-con e-parent\" data-id=\"111ea67\" data-element_type=\"container\" data-e-type=\"container\" data-settings=\"{&quot;background_background&quot;:&quot;classic&quot;,&quot;jet_parallax_layout_list&quot;:[]}\">\n\t\t\t\t\t<div class=\"e-con-inner\">\n\t\t\t\t<div class=\"elementor-element elementor-element-e2f2551 elementor-align-left elementor-widget elementor-widget-raven-heading\" data-id=\"e2f2551\" data-element_type=\"widget\" data-e-type=\"widget\" data-widget_type=\"raven-heading.default\">\n\t\t\t\t<div class=\"elementor-widget-container\">\n\t\t\t\t\t\t\t<div class=\"raven-widget-wrapper\"><h1 class=\"raven-heading raven-heading-h1\"><span class=\"raven-heading-title \">Venda, Aluguel e Gest\u00e3o de Propriedades<br>\nJos\u00e9 Ignacio. Uruguay.<\/span><\/h1><\/div>\n\t\t\t\t\t\t<\/div>\n\t\t\t\t<\/div>\n\t\t\t\t<div class=\"elementor-element elementor-element-361aad8 elementor-widget__width-auto elementor-align-center elementor-widget elementor-widget-raven-button\" data-id=\"361aad8\" data-element_type=\"widget\" data-e-type=\"widget\" data-settings=\"{&quot;turn_to_popup_action_button&quot;:&quot;no&quot;}\" data-widget_type=\"raven-button.default\">\n\t\t\t\t<div class=\"elementor-widget-container\">\n\t\t\t\t\t\t\t<div class=\"raven-widget-wrapper\">\n\t\t\t<a class=\"raven-button raven-button-widget-normal-effect-none elementor-button raven-button-text-align-center raven-button-link elementor-animation-grow\" href=\"\/nuestras-propiedades\/\">\t\t\t\t<div class=\"raven-button-overlay\" ><\/div>\n\t\t\t\t<span class=\"raven-button-content\">\n\t\t\t\t\t\n\t\t\t\t\t<div class=\"button-text-container\">\n\t\t\t\t\t\t\t\t\t\t\t\t<div class=\"raven-button-texts-wrapper\">\n\t\t\t\t\t\t\t<div class=\"button-text\">\n\t\t\t\t\t\t\t\t<span class=\"raven-button-text\">\n\t\t\t\t\t\t\t\t\tVer Propriedades\t\t\t\t\t\t\t\t<\/span>\n\t\t\t\t\t\t\t<\/div>\n\t\t\t\t\t\t\t\t\t\t\t\t\t<\/div>\n\t\t\t\t\t\t\t\t\t\t\t<\/div>\n\t\t\t\t\t\n\t\t\t\t\t\t\t\t\t<\/span>\n\t\t\t<\/a>\t\t<\/div>\n\t\t\t\t\t\t<\/div>\n\t\t\t\t<\/div>\n\t\t\t\t\t<\/div>\n\t\t\t\t<\/div>\n\t\t<div class=\"elementor-element elementor-element-7d1380e e-flex e-con-boxed e-con e-parent\" data-id=\"7d1380e\" data-element_type=\"container\" data-e-type=\"container\" data-settings=\"{&quot;jet_parallax_layout_list&quot;:[{&quot;jet_parallax_layout_image&quot;:{&quot;url&quot;:&quot;&quot;,&quot;id&quot;:&quot;&quot;,&quot;size&quot;:&quot;&quot;},&quot;_id&quot;:&quot;1e79eeb&quot;,&quot;jet_parallax_layout_image_tablet&quot;:{&quot;url&quot;:&quot;&quot;,&quot;id&quot;:&quot;&quot;,&quot;size&quot;:&quot;&quot;},&quot;jet_parallax_layout_image_mobile&quot;:{&quot;url&quot;:&quot;&quot;,&quot;id&quot;:&quot;&quot;,&quot;size&quot;:&quot;&quot;},&quot;jet_parallax_layout_speed&quot;:{&quot;unit&quot;:&quot;%&quot;,&quot;size&quot;:50,&quot;sizes&quot;:[]},&quot;jet_parallax_layout_type&quot;:&quot;scroll&quot;,&quot;jet_parallax_layout_direction&quot;:&quot;1&quot;,&quot;jet_parallax_layout_fx_direction&quot;:null,&quot;jet_parallax_layout_z_index&quot;:&quot;&quot;,&quot;jet_parallax_layout_bg_x&quot;:50,&quot;jet_parallax_layout_bg_x_tablet&quot;:&quot;&quot;,&quot;jet_parallax_layout_bg_x_mobile&quot;:&quot;&quot;,&quot;jet_parallax_layout_bg_y&quot;:50,&quot;jet_parallax_layout_bg_y_tablet&quot;:&quot;&quot;,&quot;jet_parallax_layout_bg_y_mobile&quot;:&quot;&quot;,&quot;jet_parallax_layout_bg_size&quot;:&quot;auto&quot;,&quot;jet_parallax_layout_bg_size_tablet&quot;:&quot;&quot;,&quot;jet_parallax_layout_bg_size_mobile&quot;:&quot;&quot;,&quot;jet_parallax_layout_animation_prop&quot;:&quot;transform&quot;,&quot;jet_parallax_layout_on&quot;:[&quot;desktop&quot;,&quot;tablet&quot;]}],&quot;background_background&quot;:&quot;video&quot;,&quot;background_play_on_mobile&quot;:&quot;yes&quot;,&quot;background_video_link&quot;:&quot;https:\\\/\\\/www.youtube.com\\\/watch?v=3h3KXkEyxts&quot;}\">\n\t\t\t\t\t<div class=\"e-con-inner\">\n\t\t<div class=\"elementor-background-video-container\">\n\t\t\t\t\t\t\t<div class=\"elementor-background-video-embed\" role=\"presentation\"><\/div>\n\t\t\t\t\t\t<\/div>\t\t\t<\/div>\n\t\t\t\t<\/div>\n\t\t<div class=\"elementor-element elementor-element-fd8282a e-flex e-con-boxed e-con e-parent\" data-id=\"fd8282a\" data-element_type=\"container\" data-e-type=\"container\" data-settings=\"{&quot;jet_parallax_layout_list&quot;:[{&quot;jet_parallax_layout_image&quot;:{&quot;url&quot;:&quot;&quot;,&quot;id&quot;:&quot;&quot;,&quot;size&quot;:&quot;&quot;},&quot;_id&quot;:&quot;9c90919&quot;,&quot;jet_parallax_layout_image_tablet&quot;:{&quot;url&quot;:&quot;&quot;,&quot;id&quot;:&quot;&quot;,&quot;size&quot;:&quot;&quot;},&quot;jet_parallax_layout_image_mobile&quot;:{&quot;url&quot;:&quot;&quot;,&quot;id&quot;:&quot;&quot;,&quot;size&quot;:&quot;&quot;},&quot;jet_parallax_layout_speed&quot;:{&quot;unit&quot;:&quot;%&quot;,&quot;size&quot;:50,&quot;sizes&quot;:[]},&quot;jet_parallax_layout_type&quot;:&quot;scroll&quot;,&quot;jet_parallax_layout_direction&quot;:&quot;1&quot;,&quot;jet_parallax_layout_fx_direction&quot;:null,&quot;jet_parallax_layout_z_index&quot;:&quot;&quot;,&quot;jet_parallax_layout_bg_x&quot;:50,&quot;jet_parallax_layout_bg_x_tablet&quot;:&quot;&quot;,&quot;jet_parallax_layout_bg_x_mobile&quot;:&quot;&quot;,&quot;jet_parallax_layout_bg_y&quot;:50,&quot;jet_parallax_layout_bg_y_tablet&quot;:&quot;&quot;,&quot;jet_parallax_layout_bg_y_mobile&quot;:&quot;&quot;,&quot;jet_parallax_layout_bg_size&quot;:&quot;auto&quot;,&quot;jet_parallax_layout_bg_size_tablet&quot;:&quot;&quot;,&quot;jet_parallax_layout_bg_size_mobile&quot;:&quot;&quot;,&quot;jet_parallax_layout_animation_prop&quot;:&quot;transform&quot;,&quot;jet_parallax_layout_on&quot;:[&quot;desktop&quot;,&quot;tablet&quot;]}]}\">\n\t\t\t\t\t<div class=\"e-con-inner\">\n\t\t<div class=\"elementor-element elementor-element-e1ff447 e-con-full e-flex e-con e-child\" data-id=\"e1ff447\" data-element_type=\"container\" data-e-type=\"container\" data-settings=\"{&quot;jet_parallax_layout_list&quot;:[]}\">\n\t\t<div class=\"elementor-element elementor-element-4600790 e-con-full e-flex e-con e-child\" data-id=\"4600790\" data-element_type=\"container\" data-e-type=\"container\" data-settings=\"{&quot;jet_parallax_layout_list&quot;:[]}\">\n\t\t\t\t<div class=\"elementor-element elementor-element-9d46f70 elementor-align-left elementor-widget elementor-widget-raven-heading\" data-id=\"9d46f70\" data-element_type=\"widget\" data-e-type=\"widget\" data-widget_type=\"raven-heading.default\">\n\t\t\t\t<div class=\"elementor-widget-container\">\n\t\t\t\t\t\t\t<div class=\"raven-widget-wrapper\"><h3 class=\"raven-heading raven-heading-h3\"><span class=\"raven-heading-title \">Somos uma ag\u00eancia imobili\u00e1ria dedicada \u00e0 <b>venda, aluguel e gest\u00e3o de propriedades<\/b> em <b>Jos\u00e9\nIgnacio, Uruguai.<\/b><\/span><\/h3><\/div>\n\t\t\t\t\t\t<\/div>\n\t\t\t\t<\/div>\n\t\t\t\t<\/div>\n\t\t\t\t<div class=\"elementor-element elementor-element-a69a7bb elementor-widget elementor-widget-raven-divider\" data-id=\"a69a7bb\" data-element_type=\"widget\" data-e-type=\"widget\" data-widget_type=\"raven-divider.default\">\n\t\t\t\t<div class=\"elementor-widget-container\">\n\t\t\t\t\t\t\t<div class=\"raven-widget-wrapper\">\n\t\t\t<div class=\"raven-divider\">\n\t\t\t\t<span class=\"raven-divider-line raven-divider-solid\"><\/span>\n\t\t\t<\/div>\n\t\t<\/div>\n\t\t\t\t\t\t<\/div>\n\t\t\t\t<\/div>\n\t\t<div class=\"elementor-element elementor-element-9cf0502 e-con-full e-flex e-con e-child\" data-id=\"9cf0502\" data-element_type=\"container\" data-e-type=\"container\" data-settings=\"{&quot;jet_parallax_layout_list&quot;:[]}\">\n\t\t\t\t<div class=\"elementor-element elementor-element-b3f80b1 links-home elementor-widget__width-initial elementor-align-left elementor-widget elementor-widget-raven-heading\" data-id=\"b3f80b1\" data-element_type=\"widget\" data-e-type=\"widget\" data-widget_type=\"raven-heading.default\">\n\t\t\t\t<div class=\"elementor-widget-container\">\n\t\t\t\t\t\t\t<div class=\"raven-widget-wrapper\"><h4 class=\"raven-heading raven-heading-h4\"><span class=\"raven-heading-title \"><strong>Punta del este:<\/strong>\u2022 <a href=\"\/todas-las-propiedades\/punta-del-este\/propiedades-en-jose-ignacio\/\">Jos\u00e9 Ignacio<\/a> \u2022 <a href=\"\/todas-las-propiedades\/punta-del-este\/propiedades-en-otras-zonas-de-punta-del-este\/\">Outros Bairros Zonas<\/a> \n<\/span><\/h4><\/div>\n\t\t\t\t\t\t<\/div>\n\t\t\t\t<\/div>\n\t\t\t\t<\/div>\n\t\t\t\t<\/div>\n\t\t<div class=\"elementor-element elementor-element-e86c19f e-con-full e-flex e-con e-child\" data-id=\"e86c19f\" data-element_type=\"container\" data-e-type=\"container\" data-settings=\"{&quot;jet_parallax_layout_list&quot;:[]}\">\n\t\t\t\t<div class=\"elementor-element elementor-element-d211831 elementor-widget elementor-widget-text-editor\" data-id=\"d211831\" data-element_type=\"widget\" data-e-type=\"widget\" data-widget_type=\"text-editor.default\">\n\t\t\t\t<div class=\"elementor-widget-container\">\n\t\t\t\t\t\t\t\t\t<p>Somos uma ag\u00eancia imobili\u00e1ria boutique especializada no mercado de Jos\u00e9 Ignacio e \u00e1reas pr\u00f3ximas em Punta del Este, oferecendo servi\u00e7os de consultoria imobili\u00e1ria de alto padr\u00e3o.<\/p><p>Nossa aten\u00e7\u00e3o personalizada e profundo conhecimento local nos permitem compreender as necessidades dos clientes e fornecer solu\u00e7\u00f5es sob medida para encontrar a propriedade perfeita.<\/p><p>Conhecidos por nosso compromisso, profissionalismo e execu\u00e7\u00e3o \u00e1gil,\u00a0lidamos com vendas, alugu\u00e9is e compras de propriedades: casas, fazendas, terrenos e apartamentos.<\/p><p>Oferecemos servi\u00e7os completos que abrangem aspectos legais, financeiros e de gest\u00e3o. Para os propriet\u00e1rios, fornecemos cuidados personalizados, garantindo representa\u00e7\u00e3o s\u00e9ria e confi\u00e1vel nas vendas e alugu\u00e9is.<\/p><p>Ajudamos compradores e inquilinos a encontrar as propriedades que melhor se adequam \u00e0s suas necessidades, com acesso a<br \/>todos os im\u00f3veis dispon\u00edveis na regi\u00e3o.<\/p>\t\t\t\t\t\t\t\t<\/div>\n\t\t\t\t<\/div>\n\t\t\t\t<\/div>\n\t\t\t\t\t<\/div>\n\t\t\t\t<\/div>\n\t\t<div class=\"elementor-element elementor-element-9d473e7 e-flex e-con-boxed e-con e-parent\" data-id=\"9d473e7\" data-element_type=\"container\" data-e-type=\"container\" data-settings=\"{&quot;jet_parallax_layout_list&quot;:[{&quot;jet_parallax_layout_image&quot;:{&quot;url&quot;:&quot;&quot;,&quot;id&quot;:&quot;&quot;,&quot;size&quot;:&quot;&quot;},&quot;_id&quot;:&quot;8fdd5ac&quot;,&quot;jet_parallax_layout_image_tablet&quot;:{&quot;url&quot;:&quot;&quot;,&quot;id&quot;:&quot;&quot;,&quot;size&quot;:&quot;&quot;},&quot;jet_parallax_layout_image_mobile&quot;:{&quot;url&quot;:&quot;&quot;,&quot;id&quot;:&quot;&quot;,&quot;size&quot;:&quot;&quot;},&quot;jet_parallax_layout_speed&quot;:{&quot;unit&quot;:&quot;%&quot;,&quot;size&quot;:50,&quot;sizes&quot;:[]},&quot;jet_parallax_layout_type&quot;:&quot;scroll&quot;,&quot;jet_parallax_layout_direction&quot;:&quot;1&quot;,&quot;jet_parallax_layout_fx_direction&quot;:null,&quot;jet_parallax_layout_z_index&quot;:&quot;&quot;,&quot;jet_parallax_layout_bg_x&quot;:50,&quot;jet_parallax_layout_bg_x_tablet&quot;:&quot;&quot;,&quot;jet_parallax_layout_bg_x_mobile&quot;:&quot;&quot;,&quot;jet_parallax_layout_bg_y&quot;:50,&quot;jet_parallax_layout_bg_y_tablet&quot;:&quot;&quot;,&quot;jet_parallax_layout_bg_y_mobile&quot;:&quot;&quot;,&quot;jet_parallax_layout_bg_size&quot;:&quot;auto&quot;,&quot;jet_parallax_layout_bg_size_tablet&quot;:&quot;&quot;,&quot;jet_parallax_layout_bg_size_mobile&quot;:&quot;&quot;,&quot;jet_parallax_layout_animation_prop&quot;:&quot;transform&quot;,&quot;jet_parallax_layout_on&quot;:[&quot;desktop&quot;,&quot;tablet&quot;]}],&quot;background_background&quot;:&quot;classic&quot;}\">\n\t\t\t\t\t<div class=\"e-con-inner\">\n\t\t\t\t<div class=\"elementor-element elementor-element-b74b4b7 elementor-widget elementor-widget-jet-listing-grid\" data-id=\"b74b4b7\" data-element_type=\"widget\" data-e-type=\"widget\" data-settings=\"{&quot;columns&quot;:&quot;1&quot;}\" data-widget_type=\"jet-listing-grid.default\">\n\t\t\t\t<div class=\"elementor-widget-container\">\n\t\t\t\t\t<div class=\"jet-listing-grid jet-listing-grid--lazy-load jet-listing jet-listing-grid-loading\" data-lazy-load=\"{&quot;offset&quot;:&quot;800px&quot;,&quot;post_id&quot;:269,&quot;queried_id&quot;:&quot;269|WP_Post&quot;}\"><div class=\"jet-listing-grid__loader\"><div class=\"jet-listing-grid__loader-spinner\"><\/div><\/div><\/div>\t\t\t\t<\/div>\n\t\t\t\t<\/div>\n\t\t\t\t\t<\/div>\n\t\t\t\t<\/div>\n\t\t<div class=\"elementor-element elementor-element-9f755bb e-flex e-con-boxed e-con e-parent\" data-id=\"9f755bb\" data-element_type=\"container\" data-e-type=\"container\" data-settings=\"{&quot;background_background&quot;:&quot;classic&quot;,&quot;jet_parallax_layout_list&quot;:[]}\">\n\t\t\t\t\t<div class=\"e-con-inner\">\n\t\t\t\t<div class=\"elementor-element elementor-element-1fa7809 elementor-align-left elementor-widget elementor-widget-raven-heading\" data-id=\"1fa7809\" data-element_type=\"widget\" data-e-type=\"widget\" data-widget_type=\"raven-heading.default\">\n\t\t\t\t<div class=\"elementor-widget-container\">\n\t\t\t\t\t\t\t<div class=\"raven-widget-wrapper\"><h2 class=\"raven-heading raven-heading-h2\"><span class=\"raven-heading-title \">Propriedades \u00e0 Venda em Jos\u00e9 Ignacio<\/span><\/h2><\/div>\n\t\t\t\t\t\t<\/div>\n\t\t\t\t<\/div>\n\t\t<div class=\"elementor-element elementor-element-53d2ff1 e-con-full e-flex e-con e-child\" data-id=\"53d2ff1\" data-element_type=\"container\" data-e-type=\"container\" data-settings=\"{&quot;jet_parallax_layout_list&quot;:[]}\">\n\t\t<div data-raven-element-link=\"{&quot;url&quot;:&quot;https:\\\/\\\/www.victoriafones.com\\\/nuestras-propiedades\\\/punta-del-este\\\/propiedades-en-jose-ignacio\\\/&quot;,&quot;is_external&quot;:&quot;&quot;,&quot;nofollow&quot;:&quot;&quot;,&quot;custom_attributes&quot;:&quot;&quot;}\" style=\"cursor: pointer\" class=\"elementor-element elementor-element-d6fa0f3 e-con-full e-flex e-con e-child\" data-id=\"d6fa0f3\" data-element_type=\"container\" data-e-type=\"container\" data-settings=\"{&quot;background_background&quot;:&quot;classic&quot;,&quot;jet_parallax_layout_list&quot;:[]}\">\n\t\t<div data-raven-element-link=\"{&quot;url&quot;:&quot;https:\\\/\\\/www.victoriafones.com\\\/propiedades-en-venta\\\/punta-del-este\\\/propiedades-en-venta-en-jose-ignacio\\\/propiedades-en-venta-en-pueblo\\\/&quot;,&quot;is_external&quot;:&quot;&quot;,&quot;nofollow&quot;:&quot;&quot;,&quot;custom_attributes&quot;:&quot;&quot;}\" style=\"cursor: pointer\" class=\"elementor-element elementor-element-cbfbe09 e-con-full e-flex e-con e-child\" data-id=\"cbfbe09\" data-element_type=\"container\" data-e-type=\"container\" data-settings=\"{&quot;background_background&quot;:&quot;classic&quot;,&quot;jet_parallax_layout_list&quot;:[]}\">\n\t\t\t\t<div class=\"elementor-element elementor-element-8c5a1f2 elementor-widget elementor-widget-spacer\" data-id=\"8c5a1f2\" data-element_type=\"widget\" data-e-type=\"widget\" data-widget_type=\"spacer.default\">\n\t\t\t\t<div class=\"elementor-widget-container\">\n\t\t\t\t\t\t\t<div class=\"elementor-spacer\">\n\t\t\t<div class=\"elementor-spacer-inner\"><\/div>\n\t\t<\/div>\n\t\t\t\t\t\t<\/div>\n\t\t\t\t<\/div>\n\t\t\t\t<\/div>\n\t\t<div data-raven-element-link=\"{&quot;url&quot;:&quot;https:\\\/\\\/www.victoriafones.com\\\/nuestras-propiedades\\\/punta-del-este\\\/propiedades-en-jose-ignacio\\\/&quot;,&quot;is_external&quot;:&quot;&quot;,&quot;nofollow&quot;:&quot;&quot;,&quot;custom_attributes&quot;:&quot;&quot;}\" style=\"cursor: pointer\" class=\"elementor-element elementor-element-1f2ea0b e-con-full e-flex e-con e-child\" data-id=\"1f2ea0b\" data-element_type=\"container\" data-e-type=\"container\" data-settings=\"{&quot;background_background&quot;:&quot;classic&quot;,&quot;jet_parallax_layout_list&quot;:[]}\">\n\t\t\t\t<div data-raven-element-link=\"{&quot;url&quot;:&quot;https:\\\/\\\/www.victoriafones.com\\\/propiedades-en-venta\\\/punta-del-este\\\/propiedades-en-venta-en-jose-ignacio\\\/propiedades-en-venta-en-pueblo\\\/&quot;,&quot;is_external&quot;:&quot;&quot;,&quot;nofollow&quot;:&quot;&quot;,&quot;custom_attributes&quot;:&quot;&quot;}\" style=\"cursor: pointer\" class=\"elementor-element elementor-element-2ea5eb7 elementor-widget elementor-widget-heading\" data-id=\"2ea5eb7\" data-element_type=\"widget\" data-e-type=\"widget\" data-widget_type=\"heading.default\">\n\t\t\t\t<div class=\"elementor-widget-container\">\n\t\t\t\t\t<h2 class=\"elementor-heading-title elementor-size-default\"><a href=\"https:\/\/www.victoriafones.com\/propiedades-en-venta\/punta-del-este\/propiedades-en-venta-en-jose-ignacio\/propiedades-en-venta-en-pueblo\/\">Pueblo Jos\u00e9 Ignacio<\/a><\/h2>\t\t\t\t<\/div>\n\t\t\t\t<\/div>\n\t\t\t\t<\/div>\n\t\t\t\t<\/div>\n\t\t<div data-raven-element-link=\"{&quot;url&quot;:&quot;https:\\\/\\\/www.victoriafones.com\\\/nuestras-propiedades\\\/punta-del-este\\\/propiedades-en-jose-ignacio\\\/&quot;,&quot;is_external&quot;:&quot;&quot;,&quot;nofollow&quot;:&quot;&quot;,&quot;custom_attributes&quot;:&quot;&quot;}\" style=\"cursor: pointer\" class=\"elementor-element elementor-element-47ce4ee e-con-full e-flex e-con e-child\" data-id=\"47ce4ee\" data-element_type=\"container\" data-e-type=\"container\" data-settings=\"{&quot;background_background&quot;:&quot;classic&quot;,&quot;jet_parallax_layout_list&quot;:[]}\">\n\t\t<div data-raven-element-link=\"{&quot;url&quot;:&quot;https:\\\/\\\/www.victoriafones.com\\\/propiedades-en-venta\\\/punta-del-este\\\/propiedades-en-venta-en-jose-ignacio\\\/propiedades-en-venta-en-pinar-del-faro\\\/&quot;,&quot;is_external&quot;:&quot;&quot;,&quot;nofollow&quot;:&quot;&quot;,&quot;custom_attributes&quot;:&quot;&quot;}\" style=\"cursor: pointer\" class=\"elementor-element elementor-element-228d149 e-con-full e-flex e-con e-child\" data-id=\"228d149\" data-element_type=\"container\" data-e-type=\"container\" data-settings=\"{&quot;background_background&quot;:&quot;classic&quot;,&quot;jet_parallax_layout_list&quot;:[]}\">\n\t\t\t\t<div class=\"elementor-element elementor-element-2960269 elementor-widget elementor-widget-spacer\" data-id=\"2960269\" data-element_type=\"widget\" data-e-type=\"widget\" data-widget_type=\"spacer.default\">\n\t\t\t\t<div class=\"elementor-widget-container\">\n\t\t\t\t\t\t\t<div class=\"elementor-spacer\">\n\t\t\t<div class=\"elementor-spacer-inner\"><\/div>\n\t\t<\/div>\n\t\t\t\t\t\t<\/div>\n\t\t\t\t<\/div>\n\t\t\t\t<\/div>\n\t\t<div data-raven-element-link=\"{&quot;url&quot;:&quot;https:\\\/\\\/www.victoriafones.com\\\/nuestras-propiedades\\\/punta-del-este\\\/propiedades-en-jose-ignacio\\\/&quot;,&quot;is_external&quot;:&quot;&quot;,&quot;nofollow&quot;:&quot;&quot;,&quot;custom_attributes&quot;:&quot;&quot;}\" style=\"cursor: pointer\" class=\"elementor-element elementor-element-05a5c41 e-con-full e-flex e-con e-child\" data-id=\"05a5c41\" data-element_type=\"container\" data-e-type=\"container\" data-settings=\"{&quot;background_background&quot;:&quot;classic&quot;,&quot;jet_parallax_layout_list&quot;:[]}\">\n\t\t\t\t<div class=\"elementor-element elementor-element-24c6481 elementor-widget elementor-widget-heading\" data-id=\"24c6481\" data-element_type=\"widget\" data-e-type=\"widget\" data-widget_type=\"heading.default\">\n\t\t\t\t<div class=\"elementor-widget-container\">\n\t\t\t\t\t<h2 class=\"elementor-heading-title elementor-size-default\"><a href=\"https:\/\/www.victoriafones.com\/propiedades-en-venta\/punta-del-este\/propiedades-en-venta-en-jose-ignacio\/propiedades-en-venta-en-pinar-del-faro\/\">Pinar del Faro<\/a><\/h2>\t\t\t\t<\/div>\n\t\t\t\t<\/div>\n\t\t\t\t<\/div>\n\t\t\t\t<\/div>\n\t\t<div data-raven-element-link=\"{&quot;url&quot;:&quot;https:\\\/\\\/www.victoriafones.com\\\/nuestras-propiedades\\\/punta-del-este\\\/propiedades-en-jose-ignacio\\\/&quot;,&quot;is_external&quot;:&quot;&quot;,&quot;nofollow&quot;:&quot;&quot;,&quot;custom_attributes&quot;:&quot;&quot;}\" style=\"cursor: pointer\" class=\"elementor-element elementor-element-fb30f7b e-con-full e-flex e-con e-child\" data-id=\"fb30f7b\" data-element_type=\"container\" data-e-type=\"container\" data-settings=\"{&quot;background_background&quot;:&quot;classic&quot;,&quot;jet_parallax_layout_list&quot;:[]}\">\n\t\t<div data-raven-element-link=\"{&quot;url&quot;:&quot;https:\\\/\\\/www.victoriafones.com\\\/nuestras-propiedades\\\/punta-del-este\\\/propiedades-en-jose-ignacio\\\/&quot;,&quot;is_external&quot;:&quot;&quot;,&quot;nofollow&quot;:&quot;&quot;,&quot;custom_attributes&quot;:&quot;&quot;}\" style=\"cursor: pointer\" class=\"elementor-element elementor-element-4f4c412 e-con-full e-flex e-con e-child\" data-id=\"4f4c412\" data-element_type=\"container\" data-e-type=\"container\" data-settings=\"{&quot;background_background&quot;:&quot;classic&quot;,&quot;jet_parallax_layout_list&quot;:[]}\">\n\t\t\t\t<div class=\"elementor-element elementor-element-d4d870c elementor-widget elementor-widget-spacer\" data-id=\"d4d870c\" data-element_type=\"widget\" data-e-type=\"widget\" data-widget_type=\"spacer.default\">\n\t\t\t\t<div class=\"elementor-widget-container\">\n\t\t\t\t\t\t\t<div class=\"elementor-spacer\">\n\t\t\t<div class=\"elementor-spacer-inner\"><\/div>\n\t\t<\/div>\n\t\t\t\t\t\t<\/div>\n\t\t\t\t<\/div>\n\t\t\t\t<\/div>\n\t\t<div data-raven-element-link=\"{&quot;url&quot;:&quot;https:\\\/\\\/www.victoriafones.com\\\/nuestras-propiedades\\\/punta-del-este\\\/propiedades-en-jose-ignacio\\\/&quot;,&quot;is_external&quot;:&quot;&quot;,&quot;nofollow&quot;:&quot;&quot;,&quot;custom_attributes&quot;:&quot;&quot;}\" style=\"cursor: pointer\" class=\"elementor-element elementor-element-e23c78f e-con-full e-flex e-con e-child\" data-id=\"e23c78f\" data-element_type=\"container\" data-e-type=\"container\" data-settings=\"{&quot;background_background&quot;:&quot;classic&quot;,&quot;jet_parallax_layout_list&quot;:[]}\">\n\t\t\t\t<div class=\"elementor-element elementor-element-5cc15ad elementor-widget elementor-widget-heading\" data-id=\"5cc15ad\" data-element_type=\"widget\" data-e-type=\"widget\" data-widget_type=\"heading.default\">\n\t\t\t\t<div class=\"elementor-widget-container\">\n\t\t\t\t\t<h2 class=\"elementor-heading-title elementor-size-default\"><a href=\"https:\/\/www.victoriafones.com\/propiedades-en-venta\/punta-del-este\/propiedades-en-venta-en-jose-ignacio\/propiedades-en-venta-en-club-de-mar\/\">Club de mar<\/a><\/h2>\t\t\t\t<\/div>\n\t\t\t\t<\/div>\n\t\t\t\t<\/div>\n\t\t\t\t<\/div>\n\t\t\t\t<\/div>\n\t\t<div class=\"elementor-element elementor-element-c62608f e-con-full e-flex e-con e-child\" data-id=\"c62608f\" data-element_type=\"container\" data-e-type=\"container\" data-settings=\"{&quot;jet_parallax_layout_list&quot;:[]}\">\n\t\t<div data-raven-element-link=\"{&quot;url&quot;:&quot;https:\\\/\\\/www.victoriafones.com\\\/nuestras-propiedades\\\/punta-del-este\\\/propiedades-en-jose-ignacio\\\/&quot;,&quot;is_external&quot;:&quot;&quot;,&quot;nofollow&quot;:&quot;&quot;,&quot;custom_attributes&quot;:&quot;&quot;}\" style=\"cursor: pointer\" class=\"elementor-element elementor-element-50b3bb9 e-con-full e-flex e-con e-child\" data-id=\"50b3bb9\" data-element_type=\"container\" data-e-type=\"container\" data-settings=\"{&quot;background_background&quot;:&quot;classic&quot;,&quot;jet_parallax_layout_list&quot;:[]}\">\n\t\t<div data-raven-element-link=\"{&quot;url&quot;:&quot;https:\\\/\\\/www.victoriafones.com\\\/propiedades-en-venta\\\/punta-del-este\\\/propiedades-en-venta-en-jose-ignacio\\\/propiedades-en-venta-en-laguna-escondida\\\/&quot;,&quot;is_external&quot;:&quot;&quot;,&quot;nofollow&quot;:&quot;&quot;,&quot;custom_attributes&quot;:&quot;&quot;}\" style=\"cursor: pointer\" class=\"elementor-element elementor-element-edea10f e-con-full e-flex e-con e-child\" data-id=\"edea10f\" data-element_type=\"container\" data-e-type=\"container\" data-settings=\"{&quot;background_background&quot;:&quot;classic&quot;,&quot;jet_parallax_layout_list&quot;:[]}\">\n\t\t\t\t<div class=\"elementor-element elementor-element-ed3046a elementor-widget elementor-widget-spacer\" data-id=\"ed3046a\" data-element_type=\"widget\" data-e-type=\"widget\" data-widget_type=\"spacer.default\">\n\t\t\t\t<div class=\"elementor-widget-container\">\n\t\t\t\t\t\t\t<div class=\"elementor-spacer\">\n\t\t\t<div class=\"elementor-spacer-inner\"><\/div>\n\t\t<\/div>\n\t\t\t\t\t\t<\/div>\n\t\t\t\t<\/div>\n\t\t\t\t<\/div>\n\t\t<div data-raven-element-link=\"{&quot;url&quot;:&quot;https:\\\/\\\/www.victoriafones.com\\\/nuestras-propiedades\\\/punta-del-este\\\/propiedades-en-jose-ignacio\\\/&quot;,&quot;is_external&quot;:&quot;&quot;,&quot;nofollow&quot;:&quot;&quot;,&quot;custom_attributes&quot;:&quot;&quot;}\" style=\"cursor: pointer\" class=\"elementor-element elementor-element-af9cc55 e-con-full e-flex e-con e-child\" data-id=\"af9cc55\" data-element_type=\"container\" data-e-type=\"container\" data-settings=\"{&quot;background_background&quot;:&quot;classic&quot;,&quot;jet_parallax_layout_list&quot;:[]}\">\n\t\t\t\t<div class=\"elementor-element elementor-element-2e57fad elementor-widget elementor-widget-heading\" data-id=\"2e57fad\" data-element_type=\"widget\" data-e-type=\"widget\" data-widget_type=\"heading.default\">\n\t\t\t\t<div class=\"elementor-widget-container\">\n\t\t\t\t\t<h2 class=\"elementor-heading-title elementor-size-default\"><a href=\"https:\/\/www.victoriafones.com\/propiedades-en-venta\/punta-del-este\/propiedades-en-venta-en-jose-ignacio\/propiedades-en-venta-en-laguna-escondida\/\">Laguna Escondida<\/a><\/h2>\t\t\t\t<\/div>\n\t\t\t\t<\/div>\n\t\t\t\t<\/div>\n\t\t\t\t<\/div>\n\t\t<div data-raven-element-link=\"{&quot;url&quot;:&quot;https:\\\/\\\/www.victoriafones.com\\\/nuestras-propiedades\\\/punta-del-este\\\/propiedades-en-jose-ignacio\\\/&quot;,&quot;is_external&quot;:&quot;&quot;,&quot;nofollow&quot;:&quot;&quot;,&quot;custom_attributes&quot;:&quot;&quot;}\" style=\"cursor: pointer\" class=\"elementor-element elementor-element-30ab516 e-con-full e-flex e-con e-child\" data-id=\"30ab516\" data-element_type=\"container\" data-e-type=\"container\" data-settings=\"{&quot;background_background&quot;:&quot;classic&quot;,&quot;jet_parallax_layout_list&quot;:[]}\">\n\t\t<div data-raven-element-link=\"{&quot;url&quot;:&quot;https:\\\/\\\/www.victoriafones.com\\\/propiedades-en-venta\\\/punta-del-este\\\/propiedades-en-venta-en-jose-ignacio\\\/propiedades-en-venta-en-pinar-del-faro\\\/&quot;,&quot;is_external&quot;:&quot;&quot;,&quot;nofollow&quot;:&quot;&quot;,&quot;custom_attributes&quot;:&quot;&quot;}\" style=\"cursor: pointer\" class=\"elementor-element elementor-element-6d7b8ae e-con-full e-flex e-con e-child\" data-id=\"6d7b8ae\" data-element_type=\"container\" data-e-type=\"container\" data-settings=\"{&quot;background_background&quot;:&quot;classic&quot;,&quot;jet_parallax_layout_list&quot;:[]}\">\n\t\t\t\t<div class=\"elementor-element elementor-element-8776d9b elementor-widget elementor-widget-spacer\" data-id=\"8776d9b\" data-element_type=\"widget\" data-e-type=\"widget\" data-widget_type=\"spacer.default\">\n\t\t\t\t<div class=\"elementor-widget-container\">\n\t\t\t\t\t\t\t<div class=\"elementor-spacer\">\n\t\t\t<div class=\"elementor-spacer-inner\"><\/div>\n\t\t<\/div>\n\t\t\t\t\t\t<\/div>\n\t\t\t\t<\/div>\n\t\t\t\t<\/div>\n\t\t<div data-raven-element-link=\"{&quot;url&quot;:&quot;https:\\\/\\\/www.victoriafones.com\\\/nuestras-propiedades\\\/punta-del-este\\\/propiedades-en-jose-ignacio\\\/&quot;,&quot;is_external&quot;:&quot;&quot;,&quot;nofollow&quot;:&quot;&quot;,&quot;custom_attributes&quot;:&quot;&quot;}\" style=\"cursor: pointer\" class=\"elementor-element elementor-element-9cbda2e e-con-full e-flex e-con e-child\" data-id=\"9cbda2e\" data-element_type=\"container\" data-e-type=\"container\" data-settings=\"{&quot;background_background&quot;:&quot;classic&quot;,&quot;jet_parallax_layout_list&quot;:[]}\">\n\t\t\t\t<div class=\"elementor-element elementor-element-028a8c3 elementor-widget elementor-widget-heading\" data-id=\"028a8c3\" data-element_type=\"widget\" data-e-type=\"widget\" data-widget_type=\"heading.default\">\n\t\t\t\t<div class=\"elementor-widget-container\">\n\t\t\t\t\t<h2 class=\"elementor-heading-title elementor-size-default\">Playa brava<\/h2>\t\t\t\t<\/div>\n\t\t\t\t<\/div>\n\t\t\t\t<\/div>\n\t\t\t\t<\/div>\n\t\t<div data-raven-element-link=\"{&quot;url&quot;:&quot;https:\\\/\\\/www.victoriafones.com\\\/nuestras-propiedades\\\/punta-del-este\\\/propiedades-en-jose-ignacio\\\/&quot;,&quot;is_external&quot;:&quot;&quot;,&quot;nofollow&quot;:&quot;&quot;,&quot;custom_attributes&quot;:&quot;&quot;}\" style=\"cursor: pointer\" class=\"elementor-element elementor-element-395b3f4 e-con-full e-flex e-con e-child\" data-id=\"395b3f4\" data-element_type=\"container\" data-e-type=\"container\" data-settings=\"{&quot;background_background&quot;:&quot;classic&quot;,&quot;jet_parallax_layout_list&quot;:[]}\">\n\t\t<div data-raven-element-link=\"{&quot;url&quot;:&quot;https:\\\/\\\/www.victoriafones.com\\\/propiedades-en-venta\\\/punta-del-este\\\/propiedades-en-venta-en-jose-ignacio\\\/propiedades-en-venta-en-alrededores-de-jose-ignacio\\\/&quot;,&quot;is_external&quot;:&quot;&quot;,&quot;nofollow&quot;:&quot;&quot;,&quot;custom_attributes&quot;:&quot;&quot;}\" style=\"cursor: pointer\" class=\"elementor-element elementor-element-c8014be e-con-full e-flex e-con e-child\" data-id=\"c8014be\" data-element_type=\"container\" data-e-type=\"container\" data-settings=\"{&quot;background_background&quot;:&quot;classic&quot;,&quot;jet_parallax_layout_list&quot;:[]}\">\n\t\t\t\t<div class=\"elementor-element elementor-element-6051d32 elementor-widget elementor-widget-spacer\" data-id=\"6051d32\" data-element_type=\"widget\" data-e-type=\"widget\" data-widget_type=\"spacer.default\">\n\t\t\t\t<div class=\"elementor-widget-container\">\n\t\t\t\t\t\t\t<div class=\"elementor-spacer\">\n\t\t\t<div class=\"elementor-spacer-inner\"><\/div>\n\t\t<\/div>\n\t\t\t\t\t\t<\/div>\n\t\t\t\t<\/div>\n\t\t\t\t<\/div>\n\t\t<div data-raven-element-link=\"{&quot;url&quot;:&quot;https:\\\/\\\/www.victoriafones.com\\\/nuestras-propiedades\\\/punta-del-este\\\/propiedades-en-jose-ignacio\\\/&quot;,&quot;is_external&quot;:&quot;&quot;,&quot;nofollow&quot;:&quot;&quot;,&quot;custom_attributes&quot;:&quot;&quot;}\" style=\"cursor: pointer\" class=\"elementor-element elementor-element-6c95318 e-con-full e-flex e-con e-child\" data-id=\"6c95318\" data-element_type=\"container\" data-e-type=\"container\" data-settings=\"{&quot;background_background&quot;:&quot;classic&quot;,&quot;jet_parallax_layout_list&quot;:[]}\">\n\t\t\t\t<div class=\"elementor-element elementor-element-1046543 elementor-widget elementor-widget-heading\" data-id=\"1046543\" data-element_type=\"widget\" data-e-type=\"widget\" data-widget_type=\"heading.default\">\n\t\t\t\t<div class=\"elementor-widget-container\">\n\t\t\t\t\t<h2 class=\"elementor-heading-title elementor-size-default\"><a href=\"https:\/\/www.victoriafones.com\/propiedades-en-venta\/punta-del-este\/propiedades-en-venta-en-jose-ignacio\/propiedades-en-venta-en-alrededores-de-jose-ignacio\/\">Alrededores<\/a><\/h2>\t\t\t\t<\/div>\n\t\t\t\t<\/div>\n\t\t\t\t<\/div>\n\t\t\t\t<\/div>\n\t\t\t\t<\/div>\n\t\t\t\t\t<\/div>\n\t\t\t\t<\/div>\n\t\t\t\t<\/div>\n\t\t","protected":false},"excerpt":{"rendered":"<p>Venda, Aluguel e Gest\u00e3o de Propriedades Jos\u00e9 Ignacio. Uruguay. Ver Propriedades Somos uma ag\u00eancia imobili\u00e1ria dedicada \u00e0 venda, aluguel e gest\u00e3o de propriedades em Jos\u00e9 Ignacio, Uruguai. Punta del este:\u2022 Jos\u00e9 Ignacio \u2022 Outros Bairros Zonas Somos uma ag\u00eancia imobili\u00e1ria boutique especializada no mercado de Jos\u00e9 Ignacio e \u00e1reas pr\u00f3ximas em Punta del Este, oferecendo [&hellip;]<\/p>\n","protected":false},"author":1,"featured_media":0,"parent":0,"menu_order":0,"comment_status":"closed","ping_status":"closed","template":"elementor_header_footer","meta":{"footnotes":""},"class_list":["post-269","page","type-page","status-publish","hentry"],"yoast_head":"<!-- This site is optimized with the Yoast SEO plugin v27.2 - https:\/\/yoast.com\/product\/yoast-seo-wordpress\/ -->\n<title>Compra, Venda, Administra\u00e7\u00e3o e Aluguel em Punta del Este, UY - Victoria Fones<\/title>\n<meta name=\"description\" content=\"Descubra o Corretor n\u00ba 1 em Jos\u00e9 Ignacio, Punta del Este. Acompanhamo-lo durante a compra, venda e\/ou administra\u00e7\u00e3o de Im\u00f3veis.\" \/>\n<meta name=\"robots\" content=\"index, follow, max-snippet:-1, max-image-preview:large, max-video-preview:-1\" \/>\n<link rel=\"canonical\" href=\"https:\/\/www.victoriafones.com\/br\/\" \/>\n<meta property=\"og:locale\" content=\"pt_PT\" \/>\n<meta property=\"og:type\" content=\"article\" \/>\n<meta property=\"og:title\" content=\"Compra, Venda, Administra\u00e7\u00e3o e Aluguel em Punta del Este, UY - Victoria Fones\" \/>\n<meta property=\"og:description\" content=\"Descubra o Corretor n\u00ba 1 em Jos\u00e9 Ignacio, Punta del Este. Acompanhamo-lo durante a compra, venda e\/ou administra\u00e7\u00e3o de Im\u00f3veis.\" \/>\n<meta property=\"og:url\" content=\"https:\/\/www.victoriafones.com\/br\/\" \/>\n<meta property=\"og:site_name\" content=\"Victoria Fones\" \/>\n<meta property=\"article:publisher\" content=\"https:\/\/www.instagram.com\/victoriafones.realestate\" \/>\n<meta property=\"article:modified_time\" content=\"2025-11-17T18:46:44+00:00\" \/>\n<meta property=\"og:image\" content=\"https:\/\/www.victoriafones.com\/wp-content\/uploads\/2024\/11\/og.jpg\" \/>\n\t<meta property=\"og:image:width\" content=\"1200\" \/>\n\t<meta property=\"og:image:height\" content=\"675\" \/>\n\t<meta property=\"og:image:type\" content=\"image\/jpeg\" \/>\n<meta name=\"twitter:card\" content=\"summary_large_image\" \/>\n<meta name=\"twitter:label1\" content=\"Est. reading time\" \/>\n\t<meta name=\"twitter:data1\" content=\"2 minutes\" \/>\n<script type=\"application\/ld+json\" class=\"yoast-schema-graph\">{\"@context\":\"https:\/\/schema.org\",\"@graph\":[{\"@type\":\"WebPage\",\"@id\":\"https:\/\/www.victoriafones.com\/br\/\",\"url\":\"https:\/\/www.victoriafones.com\/br\/\",\"name\":\"Compra, Venda, Administra\u00e7\u00e3o e Aluguel em Punta del Este, UY - Victoria Fones\",\"isPartOf\":{\"@id\":\"https:\/\/www.victoriafones.com\/br\/#website\"},\"datePublished\":\"2024-10-30T13:09:52+00:00\",\"dateModified\":\"2025-11-17T18:46:44+00:00\",\"description\":\"Descubra o Corretor n\u00ba 1 em Jos\u00e9 Ignacio, Punta del Este. Acompanhamo-lo durante a compra, venda e\/ou administra\u00e7\u00e3o de Im\u00f3veis.\",\"breadcrumb\":{\"@id\":\"https:\/\/www.victoriafones.com\/br\/#breadcrumb\"},\"inLanguage\":\"pt-br\",\"potentialAction\":[{\"@type\":\"ReadAction\",\"target\":[\"https:\/\/www.victoriafones.com\/br\/\"]}]},{\"@type\":\"BreadcrumbList\",\"@id\":\"https:\/\/www.victoriafones.com\/br\/#breadcrumb\",\"itemListElement\":[{\"@type\":\"ListItem\",\"position\":1,\"name\":\"Home\",\"item\":\"https:\/\/www.victoriafones.com\/br\/\"},{\"@type\":\"ListItem\",\"position\":2,\"name\":\"Home\"}]},{\"@type\":\"WebSite\",\"@id\":\"https:\/\/www.victoriafones.com\/br\/#website\",\"url\":\"https:\/\/www.victoriafones.com\/br\/\",\"name\":\"Victoria Fones Real Estate\",\"description\":\"\",\"publisher\":{\"@id\":\"https:\/\/www.victoriafones.com\/br\/#organization\"},\"potentialAction\":[{\"@type\":\"SearchAction\",\"target\":{\"@type\":\"EntryPoint\",\"urlTemplate\":\"https:\/\/www.victoriafones.com\/br\/?s={search_term_string}\"},\"query-input\":{\"@type\":\"PropertyValueSpecification\",\"valueRequired\":true,\"valueName\":\"search_term_string\"}}],\"inLanguage\":\"pt-br\"},{\"@type\":\"Organization\",\"@id\":\"https:\/\/www.victoriafones.com\/br\/#organization\",\"name\":\"Victoria Fones Real Estate\",\"url\":\"https:\/\/www.victoriafones.com\/br\/\",\"logo\":{\"@type\":\"ImageObject\",\"inLanguage\":\"pt-br\",\"@id\":\"https:\/\/www.victoriafones.com\/br\/#\/schema\/logo\/image\/\",\"url\":\"https:\/\/www.victoriafones.com\/wp-content\/uploads\/2024\/11\/pdf-logo-color.png\",\"contentUrl\":\"https:\/\/www.victoriafones.com\/wp-content\/uploads\/2024\/11\/pdf-logo-color.png\",\"width\":290,\"height\":160,\"caption\":\"Victoria Fones Real Estate\"},\"image\":{\"@id\":\"https:\/\/www.victoriafones.com\/br\/#\/schema\/logo\/image\/\"},\"sameAs\":[\"https:\/\/www.instagram.com\/victoriafones.realestate\"]}]}<\/script>\n<!-- \/ Yoast SEO plugin. -->","yoast_head_json":{"title":"Compra, Venda, Administra\u00e7\u00e3o e Aluguel em Punta del Este, UY - Victoria Fones","description":"Descubra o Corretor n\u00ba 1 em Jos\u00e9 Ignacio, Punta del Este. Acompanhamo-lo durante a compra, venda e\/ou administra\u00e7\u00e3o de Im\u00f3veis.","robots":{"index":"index","follow":"follow","max-snippet":"max-snippet:-1","max-image-preview":"max-image-preview:large","max-video-preview":"max-video-preview:-1"},"canonical":"https:\/\/www.victoriafones.com\/br\/","og_locale":"pt_PT","og_type":"article","og_title":"Compra, Venda, Administra\u00e7\u00e3o e Aluguel em Punta del Este, UY - Victoria Fones","og_description":"Descubra o Corretor n\u00ba 1 em Jos\u00e9 Ignacio, Punta del Este. Acompanhamo-lo durante a compra, venda e\/ou administra\u00e7\u00e3o de Im\u00f3veis.","og_url":"https:\/\/www.victoriafones.com\/br\/","og_site_name":"Victoria Fones","article_publisher":"https:\/\/www.instagram.com\/victoriafones.realestate","article_modified_time":"2025-11-17T18:46:44+00:00","og_image":[{"width":1200,"height":675,"url":"https:\/\/www.victoriafones.com\/wp-content\/uploads\/2024\/11\/og.jpg","type":"image\/jpeg"}],"twitter_card":"summary_large_image","twitter_misc":{"Est. reading time":"2 minutes"},"schema":{"@context":"https:\/\/schema.org","@graph":[{"@type":"WebPage","@id":"https:\/\/www.victoriafones.com\/br\/","url":"https:\/\/www.victoriafones.com\/br\/","name":"Compra, Venda, Administra\u00e7\u00e3o e Aluguel em Punta del Este, UY - Victoria Fones","isPartOf":{"@id":"https:\/\/www.victoriafones.com\/br\/#website"},"datePublished":"2024-10-30T13:09:52+00:00","dateModified":"2025-11-17T18:46:44+00:00","description":"Descubra o Corretor n\u00ba 1 em Jos\u00e9 Ignacio, Punta del Este. Acompanhamo-lo durante a compra, venda e\/ou administra\u00e7\u00e3o de Im\u00f3veis.","breadcrumb":{"@id":"https:\/\/www.victoriafones.com\/br\/#breadcrumb"},"inLanguage":"pt-br","potentialAction":[{"@type":"ReadAction","target":["https:\/\/www.victoriafones.com\/br\/"]}]},{"@type":"BreadcrumbList","@id":"https:\/\/www.victoriafones.com\/br\/#breadcrumb","itemListElement":[{"@type":"ListItem","position":1,"name":"Home","item":"https:\/\/www.victoriafones.com\/br\/"},{"@type":"ListItem","position":2,"name":"Home"}]},{"@type":"WebSite","@id":"https:\/\/www.victoriafones.com\/br\/#website","url":"https:\/\/www.victoriafones.com\/br\/","name":"Victoria Fones Real Estate","description":"","publisher":{"@id":"https:\/\/www.victoriafones.com\/br\/#organization"},"potentialAction":[{"@type":"SearchAction","target":{"@type":"EntryPoint","urlTemplate":"https:\/\/www.victoriafones.com\/br\/?s={search_term_string}"},"query-input":{"@type":"PropertyValueSpecification","valueRequired":true,"valueName":"search_term_string"}}],"inLanguage":"pt-br"},{"@type":"Organization","@id":"https:\/\/www.victoriafones.com\/br\/#organization","name":"Victoria Fones Real Estate","url":"https:\/\/www.victoriafones.com\/br\/","logo":{"@type":"ImageObject","inLanguage":"pt-br","@id":"https:\/\/www.victoriafones.com\/br\/#\/schema\/logo\/image\/","url":"https:\/\/www.victoriafones.com\/wp-content\/uploads\/2024\/11\/pdf-logo-color.png","contentUrl":"https:\/\/www.victoriafones.com\/wp-content\/uploads\/2024\/11\/pdf-logo-color.png","width":290,"height":160,"caption":"Victoria Fones Real Estate"},"image":{"@id":"https:\/\/www.victoriafones.com\/br\/#\/schema\/logo\/image\/"},"sameAs":["https:\/\/www.instagram.com\/victoriafones.realestate"]}]}},"_links":{"self":[{"href":"https:\/\/www.victoriafones.com\/br\/wp-json\/wp\/v2\/pages\/269","targetHints":{"allow":["GET"]}}],"collection":[{"href":"https:\/\/www.victoriafones.com\/br\/wp-json\/wp\/v2\/pages"}],"about":[{"href":"https:\/\/www.victoriafones.com\/br\/wp-json\/wp\/v2\/types\/page"}],"author":[{"embeddable":true,"href":"https:\/\/www.victoriafones.com\/br\/wp-json\/wp\/v2\/users\/1"}],"replies":[{"embeddable":true,"href":"https:\/\/www.victoriafones.com\/br\/wp-json\/wp\/v2\/comments?post=269"}],"version-history":[{"count":0,"href":"https:\/\/www.victoriafones.com\/br\/wp-json\/wp\/v2\/pages\/269\/revisions"}],"wp:attachment":[{"href":"https:\/\/www.victoriafones.com\/br\/wp-json\/wp\/v2\/media?parent=269"}],"curies":[{"name":"wp","href":"https:\/\/api.w.org\/{rel}","templated":true}]}}